{"id":26,"date":"2020-11-22T06:27:38","date_gmt":"2020-11-22T06:27:38","guid":{"rendered":"https:\/\/tmcmusic.de\/?page_id=26"},"modified":"2021-01-01T10:15:02","modified_gmt":"2021-01-01T10:15:02","slug":"datenschutzerklaerung","status":"publish","type":"page","link":"https:\/\/tmcmusic.de\/?page_id=26","title":{"rendered":"Datenschutzerkl\u00e4rung"},"content":{"rendered":"\n<p>Name und Anschrift des Verantwortlichen und Datenschutzbeauftragten<br>Der Verantwortliche im Sinne der Datenschutz-Grundverordnung und anderer nationaler Datenschutzgesetze der Mitgliedsstaaten sowie sonstiger datenschutzrechtlicher Bestimmungen ist die:<\/p>\n\n\n\n<p>TMCmusic<br>Christian M\u00fcller<br>Wittekindstra\u00dfe 25<br>12103 Berlin<br>Deutschland<\/p>\n\n\n\n<p>Tel. +49 30 &#8211; 474 883 65<br>E-Mail: chmueller@tmcmusic.de<\/p>\n\n\n\n<p>Allgemeines zur Datenverarbeitung<br>Der Umfang der Verarbeitung personenbezogener Daten erheben und verwende ich personenbezogene Daten der Nutzer und Kunden grunds\u00e4tzlich nur, soweit dies zur Bereitstellung einer funktionsf\u00e4higen Website sowie meiner Inhalte und Leistungen erforderlich sind. Die Erhebung und Verwendung personenbezogener Daten meiner Nutzer und Kunden erfolgt regelm\u00e4\u00dfig nur nach Einwilligung des Nutzers bzw. Kunden. Eine Ausnahme gilt in solchen F\u00e4llen, in denen eine vorherige Einholung der Einwilligung aus tats\u00e4chlichen Gr\u00fcnden nicht m\u00f6glich ist und die Verarbeitung der Daten durch gesetzliche Vorschriften gestattet sind.<\/p>\n\n\n\n<p>Rechtsgrundlage f\u00fcr die Verarbeitung personenbezogener Daten<br>Soweit mir f\u00fcr die Verarbeitungsvorg\u00e4nge personenbezogener Daten Ihre Einwilligung vorliegt, dient Art. 6 Abs. 1 lit. a EU-Datenschutz-Grundverordnung (DSGVO) als Rechtsgrundlage f\u00fcr die Verarbeitung personenbezogener Daten. Bei der Verarbeitung von personenbezogenen Daten, die zur Erf\u00fcllung eines Vertrages, dessen Vertragspartei Sie sind, erforderlich ist, dient Art. 6 Abs. 1 lit. b DSGVO als Rechtsgrundlage. Dies gilt auch f\u00fcr Verarbeitungsvorg\u00e4nge, die zur Durchf\u00fchrung vorvertraglicher Ma\u00dfnahmen erforderlich sind. Soweit eine Verarbeitung personenbezogener Daten zur Erf\u00fcllung einer rechtlichen Verpflichtung erforderlich ist, der mir unterliegt, dient Art. 6 Abs. 1 lit. c DSGVO als Rechtsgrundlage. Ist die Verarbeitung zur Wahrung eines berechtigten Interesses meines Unternehmens oder eines Dritten erforderlich und \u00fcberwiegen Ihre Interessen, Grundrechte und Grundfreiheiten das erstgenannte Interesse nicht, so dient Art. 6 Abs. 1 lit. f DSGVO als Rechtsgrundlage f\u00fcr die Verarbeitung.<\/p>\n\n\n\n<p>Datenl\u00f6schung und Speicherdauer<br>Ihre personenbezogenen Daten werden gel\u00f6scht oder gesperrt, sobald der Zweck der Speicherung entf\u00e4llt. Eine Speicherung kann dar\u00fcber hinaus dann erfolgen, wenn dies durch den europ\u00e4ischen oder nationalen Gesetzgeber in unionsrechtlichen Verordnungen, Gesetzen oder sonstigen Vorschriften vorgesehen wurde, den ich unterliege. Eine Sperrung oder L\u00f6schung der Daten erfolgt auch dann, wenn eine durch die genannten Normen vorgeschriebene Speicherfrist abl\u00e4uft, es sei denn, dass eine Erforderlichkeit zur weiteren Speicherung der Daten f\u00fcr einen Vertragsabschluss oder eine Vertragserf\u00fcllung besteht.<\/p>\n\n\n\n<p>Die Datenerhebung und deren Verarbeitung der personenbezogenen Daten dient ausschlie\u00dflich f\u00fcr \u2026<\/p>\n\n\n\n<ul class=\"wp-block-list\"><li>die Kontaktaufnahme mit dem Anfragenden und Kunden;<\/li><li>Rechnungslegungen;<\/li><li>Buchhaltung und Dokumentation f\u00fcr das Finanzamt.<\/li><\/ul>\n\n\n\n<p>Folgende Daten werden ben\u00f6tigt f\u00fcr die Kontaktaufnahme, Dienstleistungen und Rechnungslegung:<\/p>\n\n\n\n<ul class=\"wp-block-list\"><li>Anrede<\/li><li>Vor- und Nachname<\/li><li>E-Mail-Adresse<\/li><\/ul>\n\n\n\n<p>Ab zustandekommenden Vertrag:<\/p>\n\n\n\n<ul class=\"wp-block-list\"><li>Firma\/Organisation<\/li><li>Anschrift<\/li><li>Telefonnummer<\/li><li>Steuernummer<\/li><\/ul>\n\n\n\n<p>Bereitstellung der Website und Erstellung von Logfiles<br>Beschreibung und Umfang der Datenverarbeitung bei jedem Aufruf meiner Website erfasst unser System automatisiert Daten und Informationen vom Computersystem des aufrufenden Rechners. Folgende Daten werden hierbei erhoben:<\/p>\n\n\n\n<p>Informationen \u00fcber den Browsertyp und die verwendete Version<br>Die IP-Adresse des Nutzers, das Betriebssystem des Nutzers, den Internet-Service-Provider des Nutzers, Datum und Uhrzeit des Zugriffs, von denen das System des Nutzers auf meiner Website gelangt, sowie Websites, die vom System des Nutzers \u00fcber unsere Website aufgerufen werden<\/p>\n\n\n\n<p>Rechtsgrundlage f\u00fcr die Datenverarbeitung<br>Rechtsgrundlage f\u00fcr die vor\u00fcbergehende Speicherung der Daten und der Logfiles ist Art. 6 Abs. 1 lit. f DSGVO.<\/p>\n\n\n\n<p>Zweck der Datenverarbeitung<br>Die vor\u00fcbergehende Speicherung der IP-Adresse durch das System ist notwendig, um eine Auslieferung der Website an den Rechner des Nutzers zu erm\u00f6glichen. Hierf\u00fcr muss die IP-Adresse des Nutzers f\u00fcr die Dauer der Sitzung gespeichert bleiben.<br>Die Speicherung in Logfiles erfolgt, um die Funktionsf\u00e4higkeit der Website sicherzustellen. Zudem dienen mir die Daten zur Optimierung der Website und zur Sicherstellung der Sicherheit unserer informationstechnischen Systeme. Eine Auswertung der Daten zu Marketingzwecken findet in diesem Zusammenhang nicht statt.<\/p>\n\n\n\n<p>Dauer der Speicherung<br>Die Daten werden gel\u00f6scht, sobald sie f\u00fcr die Erreichung des Zweckes ihrer Erhebung nicht mehr erforderlich sind. Im Falle der Erfassung der Daten zur Bereitstellung der Website ist dies der Fall, wenn die jeweilige Sitzung beendet ist.<\/p>\n\n\n\n<p>Widerspruchs- und Beseitigungsm\u00f6glichkeit<br>Die Erfassung der Daten zur Bereitstellung der Website und die Speicherung der Daten in Logfiles ist f\u00fcr den Betrieb der Website zwingend erforderlich. Es besteht folglich keine Widerspruchsm\u00f6glichkeit durch Sie.<\/p>\n\n\n\n<p>*** Cookies ***<\/p>\n\n\n\n<p>Verwendung von Cookies<br>Beschreibung und Umfang der Datenverarbeitung meiner Webseite verwenden keine Cookies. Bei Cookies handelt es sich um Textdateien, die im Internetbrowser bzw. vom Internetbrowser auf dem Computersystem des Nutzers gespeichert werden. Ruft ein Nutzer eine Website auf, so kann ein Cookie auf dem Betriebssystem des Nutzers gespeichert werden. Dieser Cookie enth\u00e4lt eine charakteristische Zeichenfolge, die eine eindeutige Identifizierung des Browsers beim erneuten Aufrufen der Website erm\u00f6glicht.<br>Ich setze keine Cookies ein, um meine Website nutzerfreundlicher zu gestalten.<\/p>\n\n\n\n<p>Es folgt eine Auflistung der erhobenen Daten<br>Diese k\u00f6nnen beispielsweise sein:<br>Eingegebene Suchbegriffe, H\u00e4ufigkeit von Seitenaufrufen, Inanspruchnahme von Website-Funktionen.<br>a) Rechtsgrundlage f\u00fcr die Datenverarbeitung: Die Rechtsgrundlage f\u00fcr die Verarbeitung personenbezogener Daten unter Verwendung von Cookies ist Art. 6 Abs. 1 lit. f DSGVO.<br>b) Zweck der Datenverarbeitung: Der Zweck der Verwendung technisch notwendiger Cookies ist, die Nutzung von Websites f\u00fcr Sie zu vereinfachen. Einige Funktionen von Websites k\u00f6nnen ohne den Einsatz von Cookies nicht angeboten werden. F\u00fcr diese ist es erforderlich, dass der Browser auch nach einem Seitenwechsel wiedererkannt wird. F\u00fcr folgende Anwendungen werden Cookies verwendet: um einen Login (eine Session) zu erm\u00f6glichen.<br>Die durch technisch notwendige Cookies erhobenen Nutzerdaten werden nicht zur Erstellung von Nutzerprofilen verwendet. Die Verwendung der Analyse-Cookies erfolgt zu dem Zweck, die Qualit\u00e4t der Website und deren Inhalte zu verbessern. Durch die Analyse-Cookies erf\u00e4hrt man, wie die Website genutzt wird und k\u00f6nnen so Angebote stetig optimieren. Automatische Anpassung der Bildschirmgr\u00f6\u00dfe, Zuteilung von Berechtigungen (z.B. f\u00fcr Testk\u00e4ufe) Verhinderung von Doppelbestellungen und Spracheinstellungen. In diesen Zwecken liegt auch der berechtigtes Interesse in der Verarbeitung der personenbezogenen Daten nach Art. 6 Abs. 1 lit. f DSGVO.<br>c) Dauer der Speicherung, Widerspruchs- und Beseitigungsm\u00f6glichkeit: Cookies werden auf dem Rechner des Nutzers gespeichert und von diesem an meine Website \u00fcbermittelt. Daher haben Sie als Nutzer auch die volle Kontrolle \u00fcber die Verwendung von Cookies. Durch eine \u00c4nderung der Einstellungen in Ihrem Internetbrowser k\u00f6nnen Sie die \u00dcbertragung von Cookies deaktivieren oder einschr\u00e4nken. Bereits gespeicherte Cookies k\u00f6nnen jederzeit gel\u00f6scht werden. Dies kann auch automatisiert erfolgen. Werden Cookies f\u00fcr Websites deaktiviert, k\u00f6nnen m\u00f6glicherweise nicht mehr alle Funktionen der Website vollumf\u00e4nglich genutzt werden.<\/p>\n\n\n\n<p>*** Kontaktformular und E-Mail-Kontakt ***<\/p>\n\n\n\n<p>Beschreibung und Umfang der Datenverarbeitung<br>Auf meiner Website ist eine Kontaktm\u00f6glichkeit vorhanden, welche Sie auf unsere allgemeine E-mail Adresse verweist. In diesem Fall werden die mit der E-Mail \u00fcbermittelten personenbezogenen Daten gespeichert.<br>Es erfolgt in diesem Zusammenhang keine Weitergabe der Daten an Dritte. Die Daten werden ausschlie\u00dflich f\u00fcr die Verarbeitung der Kommunikation verwendet.<br>Rechtsgrundlage f\u00fcr die Datenverarbeitung: Rechtsgrundlage f\u00fcr die Verarbeitung der Daten, die im Zuge einer \u00dcbersendung einer E-Mail \u00fcbermittelt werden, ist Art. 6 Abs. 1 lit. f DSGVO. Zielt der E-Mail-Kontakt auf den Abschluss eines Vertrages und Kl\u00e4rung meiner Dienstleistungen ab, so ist zus\u00e4tzliche Rechtsgrundlage f\u00fcr die Verarbeitung Art. 6 Abs. 1 lit. b DSGVO.<br>Zweck der Datenverarbeitung: Im Falle einer Kontaktaufnahme per E-Mail liegt hieran auch das erforderliche berechtigte Interesse an der Verarbeitung der Daten. Die sonstigen w\u00e4hrend des Absendevorgangs verarbeiteten personenbezogenen Daten dienen dazu, einen Missbrauch des Kontaktformulars zu verhindern und die Sicherheit meiner informationstechnischen Systeme sicherzustellen.<br>Dauer der Speicherung: Die Daten werden gel\u00f6scht, sobald sie f\u00fcr die Erreichung des Zweckes ihrer Erhebung nicht mehr erforderlich sind. F\u00fcr die personenbezogenen Daten, die per E-Mail \u00fcbersandt wurden, ist dies dann der Fall, wenn die jeweilige Kommunikation mit Ihnen beendet ist. Beendet ist die Kommunikation dann, wenn sich aus den Umst\u00e4nden entnehmen l\u00e4sst, dass der betroffene Sachverhalt abschlie\u00dfend gekl\u00e4rt ist.<br>Die w\u00e4hrend des Absendevorgangs zus\u00e4tzlich erhobenen personenbezogenen Daten werden sp\u00e4testens nach einer Frist von sieben Tagen gel\u00f6scht.<br>Widerspruchs- und Beseitigungsm\u00f6glichkeit: Sie haben jederzeit die M\u00f6glichkeit, Ihre Einwilligung zur Verarbeitung der personenbezogenen Daten zu widerrufen. Nehmen Sie per E-Mail Kontakt mit mir auf, so k\u00f6nnen Sie der Speicherung Ihrer personenbezogenen Daten jederzeit widersprechen. In einem solchen Fall kann die Kommunikation nicht fortgef\u00fchrt werden. Alle personenbezogenen Daten, die im Zuge der Kontaktaufnahme gespeichert wurden, werden in diesem Fall gel\u00f6scht.<\/p>\n\n\n\n<p>*** Newsletter ***<\/p>\n\n\n\n<p>Beschreibung und Umfang der Datenverarbeitung<br>Wenn Sie von mir Dienstleistungen erwerben und hierbei Ihre E-Mail-Adresse hinterlegen, kann diese in der Folge durch mich f\u00fcr den Versand eines Newsletters verwendet werden. In einem solchen Fall wird \u00fcber den Newsletter ausschlie\u00dflich Direktwerbung f\u00fcr eigene \u00e4hnliche Dienstleistungen versendet. Es erfolgt im Zusammenhang mit der Datenverarbeitung f\u00fcr den Versand von Newslettern keine Weitergabe der Daten an Dritte. Die Daten werden ausschlie\u00dflich f\u00fcr den Versand des Newsletters verwendet. Rechtsgrundlage f\u00fcr die Datenverarbeitung: Rechtsgrundlage f\u00fcr die Verarbeitung der Daten nach Anmeldung zum Newsletters durch den Nutzer ist Art. 6 Abs. 1 lit. b DSGVO und \u00a7 7 Abs. 3 UWG. Zweck der Datenverarbeitung: Die Erhebung der E-Mail-Adresse des Nutzers dient dazu, den Newsletter zuzustellen.<\/p>\n\n\n\n<p>Dauer der Speicherung<br>Die Daten werden gel\u00f6scht, sobald Sie f\u00fcr die Erreichung des Zweckes ihrer Erhebung nicht mehr erforderlich sind. Die E-Mail-Adresse des Nutzers wird demnach solange gespeichert, wie das Abonnement des Newsletters aktiv ist.<\/p>\n\n\n\n<p>Widerspruchs- und Beseitigungsm\u00f6glichkeit<br>Das Abonnement des Newsletters kann durch Sie jederzeit gek\u00fcndigt werden. Zu diesem Zweck findet sich in jedem Newsletter ein entsprechender Link.<\/p>\n\n\n\n<p>*** Rechte der betroffenen Person ***<br>Werden personenbezogene Daten von Ihnen verarbeitet, sind Sie Betroffener im Sinne der DSGVO und es stehen Ihnen folgende Rechte gegen\u00fcber dem Verantwortlichen zu:<\/p>\n\n\n\n<p>Auskunftsrecht<br>Sie k\u00f6nnen von mir eine Best\u00e4tigung dar\u00fcber verlangen, ob personenbezogene Daten, die Sie betreffen, von mir verarbeitet werden.<br>Liegt eine solche Verarbeitung vor, k\u00f6nnen Sie von mir \u00fcber folgende Informationen Auskunft verlangen:<\/p>\n\n\n\n<ol class=\"wp-block-list\"><li>die Zwecke, zu denen die personenbezogenen Daten verarbeitet werden;<\/li><li>die Kategorien von personenbezogenen Daten, welche verarbeitet werden;<\/li><li>die Empf\u00e4nger bzw. die Kategorien von Empf\u00e4ngern, gegen\u00fcber denen die Sie betreffenden personenbezogenen Daten offengelegt wurden oder noch offengelegt werden;<\/li><li>die geplante Dauer der Speicherung der Sie betreffenden personenbezogenen Daten oder, falls konkrete Angaben hierzu nicht m\u00f6glich sind, Kriterien f\u00fcr die Festlegung der Speicherdauer;<\/li><li>das Bestehen eines Rechts auf Berichtigung oder L\u00f6schung der Sie betreffenden personenbezogenen Daten, eines Rechts auf Einschr\u00e4nkung der Verarbeitung durch den Verantwortlichen oder eines Widerspruchsrechts gegen diese Verarbeitung;<\/li><li>das Bestehen eines Beschwerderechts bei einer Aufsichtsbeh\u00f6rde;<\/li><li>alle verf\u00fcgbaren Informationen \u00fcber die Herkunft der Daten, wenn die personenbezogenen Daten nicht bei der betroffenen Person erhoben werden;<\/li><li>das Bestehen einer automatisierten Entscheidungsfindung gem\u00e4\u00df Art. 22 Abs. 1 und 4 DSGVO und \u2013 zumindest in diesen F\u00e4llen \u2013 aussagekr\u00e4ftige Informationen \u00fcber die involvierte Logik sowie die Tragweite und die angestrebten Auswirkungen einer derartigen Verarbeitung f\u00fcr die betroffene Person.<\/li><\/ol>\n\n\n\n<p>Ihnen steht das Recht zu, Auskunft dar\u00fcber zu verlangen, ob die Sie betreffenden personenbezogenen Daten in ein Drittland oder an eine internationale Organisation \u00fcbermittelt werden. In diesem Zusammenhang k\u00f6nnen Sie verlangen, \u00fcber die geeigneten Garantien gem. Art. 46 DSGVO im Zusammenhang mit der \u00dcbermittlung unterrichtet zu werden.<\/p>\n\n\n\n<p>Recht auf Berichtigung<br>Sie haben ein Recht auf Berichtigung und\/oder Vervollst\u00e4ndigung mir gegen\u00fcber, sofern die verarbeiteten personenbezogenen Daten, die Sie betreffen, unrichtig oder unvollst\u00e4ndig sind. Ich habe die Berichtigung unverz\u00fcglich vorzunehmen.<br>Recht auf Einschr\u00e4nkung der Verarbeitung: Unter den folgenden Voraussetzungen k\u00f6nnen Sie die Einschr\u00e4nkung der Verarbeitung der Sie betreffenden personenbezogenen Daten verlangen:<\/p>\n\n\n\n<ol class=\"wp-block-list\"><li>wenn Sie die Richtigkeit der Sie betreffenden personenbezogenen f\u00fcr eine Dauer bestreiten, die es mir erm\u00f6glicht, die Richtigkeit der personenbezogenen Daten zu \u00fcberpr\u00fcfen;<\/li><li>die Verarbeitung unrechtm\u00e4\u00dfig ist und Sie die L\u00f6schung der personenbezogenen Daten ablehnen und stattdessen die Einschr\u00e4nkung der Nutzung der personenbezogenen Daten verlangen;<\/li><li>mir die personenbezogenen Daten f\u00fcr die Zwecke der Verarbeitung nicht l\u00e4nger ben\u00f6tigen, Sie diese jedoch zur Geltendmachung, Aus\u00fcbung oder Verteidigung von Rechtsanspr\u00fcchen ben\u00f6tigen, oder<\/li><li>wenn Sie Widerspruch gegen die Verarbeitung gem\u00e4\u00df Art. 21 Abs. 1 DSGVO eingelegt haben und noch nicht feststeht, ob meine berechtigten Gr\u00fcnde gegen\u00fcber Ihren Gr\u00fcnden \u00fcberwiegen.<\/li><\/ol>\n\n\n\n<p>Wurde die Verarbeitung der Sie betreffenden personenbezogenen Daten eingeschr\u00e4nkt, d\u00fcrfen diese Daten \u2013 von ihrer Speicherung abgesehen \u2013 nur mit Ihrer Einwilligung oder zur Geltendmachung, Aus\u00fcbung oder Verteidigung von Rechtsanspr\u00fcchen oder zum Schutz der Rechte einer anderen nat\u00fcrlichen oder juristischen Person oder aus Gr\u00fcnden eines wichtigen \u00f6ffentlichen Interesses der Union oder eines Mitgliedstaats verarbeitet werden. Wurde die Einschr\u00e4nkung der Verarbeitung nach den o.g. Voraussetzungen eingeschr\u00e4nkt, werden Sie von mir unterrichtet bevor die Einschr\u00e4nkung aufgehoben wird.<\/p>\n\n\n\n<p>*** Recht auf L\u00f6schung ***<\/p>\n\n\n\n<p>L\u00f6schungspflicht<br>Sie k\u00f6nnen von mir verlangen, dass die Sie betreffenden personenbezogenen Daten unverz\u00fcglich gel\u00f6scht werden, und ich bin verpflichtet, diese Daten unverz\u00fcglich zu l\u00f6schen, sofern einer der folgenden Gr\u00fcnde zutrifft:<\/p>\n\n\n\n<ol class=\"wp-block-list\"><li>Die Sie betreffenden personenbezogenen Daten sind f\u00fcr die Zwecke, f\u00fcr die sie erhoben oder auf sonstige Weise verarbeitet wurden, nicht mehr notwendig.<\/li><li>Sie widerrufen Ihre Einwilligung, auf die sich die Verarbeitung gem. Art. 6 Abs. 1 lit. a oder Art. 9 Abs. 2 lit. a DSGVO st\u00fctzte, und es fehlt an einer anderweitigen Rechtsgrundlage f\u00fcr die Verarbeitung.<\/li><li>Sie legen gem. Art. 21 Abs. 1 DSGVO Widerspruch gegen die Verarbeitung ein und es liegen keine vorrangigen berechtigten Gr\u00fcnde f\u00fcr die Verarbeitung vor, oder Sie legen gem. Art. 21 Abs. 2 DSGVO Widerspruch gegen die Verarbeitung ein.<\/li><li>Die Sie betreffenden personenbezogenen Daten wurden unrechtm\u00e4\u00dfig verarbeitet.<\/li><li>Die L\u00f6schung der Sie betreffenden personenbezogenen Daten ist zur Erf\u00fcllung einer rechtlichen Verpflichtung nach dem Unionsrecht oder dem Recht der Mitgliedstaaten erforderlich, dem wir unterliegen.<\/li><li>Die Sie betreffenden personenbezogenen Daten wurden in Bezug auf angebotene Dienste der Informationsgesellschaft gem\u00e4\u00df Art. 8 Abs. 1 DSGVO erhoben.<\/li><\/ol>\n\n\n\n<p>Information an Dritte<br>Habe ich die ihre betreffenden personenbezogenen Daten \u00f6ffentlich gemacht und ich bin gem. Art. 17 Abs. 1 DSGVO zu deren L\u00f6schung verpflichtet, so treffe ich unter Ber\u00fccksichtigung der verf\u00fcgbaren Technologie und der Implementierungskosten angemessene Ma\u00dfnahmen, auch technischer Art, um f\u00fcr die Datenverarbeitung Verantwortliche, die die personenbezogenen Daten verarbeiten, dar\u00fcber zu informieren, dass Sie als betroffene Person von ihnen die L\u00f6schung aller Links zu diesen personenbezogenen Daten oder von Kopien oder Replikationen dieser personenbezogenen Daten verlangt haben.<\/p>\n\n\n\n<p>Ausnahmen<br>Das Recht auf L\u00f6schung besteht nicht, soweit die Verarbeitung erforderlich ist<\/p>\n\n\n\n<ol class=\"wp-block-list\"><li>zur Aus\u00fcbung des Rechts auf freie Meinungs\u00e4u\u00dferung und Information;<\/li><li>zur Erf\u00fcllung einer rechtlichen Verpflichtung, die die Verarbeitung nach dem Recht der Union oder der Mitgliedstaaten, dem ich unterliege, erfordert, oder zur Wahrnehmung einer Aufgabe, die im \u00f6ffentlichen Interesse liegt oder in Aus\u00fcbung \u00f6ffentlicher Gewalt erfolgt, die mir \u00fcbertragen wurde;<\/li><li>aus Gr\u00fcnden des \u00f6ffentlichen Interesses im Bereich der \u00f6ffentlichen Gesundheit gem\u00e4\u00df Art. 9 Abs. 2 lit. h und i sowie Art. 9 Abs. 3 DSGVO; (4) f\u00fcr im \u00f6ffentlichen Interesse liegende Archivzwecke, wissenschaftliche oder historische Forschungszwecke oder f\u00fcr statistische Zwecke gem. Art. 89 Abs. 1 DSGVO, soweit das unter Abschnitt a) genannte Recht voraussichtlich die Verwirklichung der Ziele dieser Verarbeitung unm\u00f6glich macht oder ernsthaft beeintr\u00e4chtigt, oder<\/li><li>zur Geltendmachung, Aus\u00fcbung oder Verteidigung von Rechtsanspr\u00fcchen.<\/li><\/ol>\n\n\n\n<p>Recht auf Unterrichtung: Haben Sie das Recht auf Berichtigung, L\u00f6schung oder Einschr\u00e4nkung der Verarbeitung uns gegen\u00fcber geltend gemacht, sind wir verpflichtet, allen Empf\u00e4ngern, denen die Sie betreffenden personenbezogenen Daten offengelegt wurden, diese Berichtigung oder L\u00f6schung der Daten oder Einschr\u00e4nkung der Verarbeitung mitzuteilen, es sei denn, dies erweist sich als unm\u00f6glich oder ist mit einem unverh\u00e4ltnism\u00e4\u00dfigen Aufwand verbunden. Ihnen steht das Recht zu, \u00fcber diese Empf\u00e4nger unterrichtet zu werden.<\/p>\n\n\n\n<p>Recht auf Daten\u00fcbertragbarkeit<br>Sie haben das Recht, die Sie betreffenden personenbezogenen Daten, die Sie uns bereitgestellt haben, in einem strukturierten, g\u00e4ngigen und maschinenlesbaren Format zu erhalten. Au\u00dferdem haben Sie das Recht diese Daten einem anderen Verantwortlichen ohne Behinderung durch den Verantwortlichen, dem die personenbezogenen Daten bereitgestellt wurden, zu \u00fcbermitteln, sofern<\/p>\n\n\n\n<ol class=\"wp-block-list\"><li>die Verarbeitung auf einer Einwilligung gem. Art. 6 Abs. 1 lit. a DSGVO oder Art. 9 Abs. 2 lit. a DSGVO oder auf einem Vertrag gem. Art. 6 Abs. 1 lit. b DSGVO beruht und<\/li><li>die Verarbeitung mithilfe automatisierter Verfahren erfolgt.<\/li><\/ol>\n\n\n\n<p>In Aus\u00fcbung dieses Rechts haben Sie ferner das Recht, zu erwirken, dass die Sie betreffenden personenbezogenen Daten direkt von einem Verantwortlichen einem anderen Verantwortlichen \u00fcbermittelt werden, soweit dies technisch machbar ist. Freiheiten und Rechte anderer Personen d\u00fcrfen hierdurch nicht beeintr\u00e4chtigt werden.<\/p>\n\n\n\n<p>Widerspruchsrecht<br>Sie haben das Recht, aus Gr\u00fcnden, die sich aus ihrer besonderen Situation ergeben, jederzeit gegen die Verarbeitung der Sie betreffenden personenbezogenen Daten, die aufgrund von Art. 6 Abs. 1 lit. e oder f DSGVO erfolgt, Widerspruch einzulegen. Ich verarbeite die Sie betreffenden personenbezogenen Daten nicht mehr, es sei denn, mir k\u00f6nnen zwingende schutzw\u00fcrdige Gr\u00fcnde f\u00fcr die Verarbeitung nachweisen, die Ihre Interessen, Rechte und Freiheiten \u00fcberwiegen, oder die Verarbeitung dient der Geltendmachung, Aus\u00fcbung oder Verteidigung von Rechtsanspr\u00fcchen. Werden die Sie betreffenden personenbezogenen Daten verarbeitet, um Direktwerbung zu betreiben, haben Sie das Recht, jederzeit Widerspruch gegen die Verarbeitung der Sie betreffenden personenbezogenen Daten zum Zwecke derartiger Werbung einzulegen soweit es mit solcher Direktwerbung in Verbindung steht. Widersprechen Sie der Verarbeitung f\u00fcr Zwecke der Direktwerbung, so werden die Sie betreffenden personenbezogenen Daten nicht mehr f\u00fcr diese Zwecke verarbeitet. Sie haben die M\u00f6glichkeit, im Zusammenhang mit der Nutzung von Diensten der Informationsgesellschaft \u2013 ungeachtet der Richtlinie 2002\/58\/EG \u2013 Ihr Widerspruchsrecht mittels automatisierter Verfahren auszu\u00fcben, bei denen technische Spezifikationen verwendet werden.<\/p>\n\n\n\n<p>Recht auf Widerruf der datenschutzrechtlichen Einwilligungserkl\u00e4rung<br>Sie haben das Recht, Ihre datenschutzrechtliche Einwilligungserkl\u00e4rung jederzeit zu widerrufen. Durch den Widerruf der Einwilligung wird die Rechtm\u00e4\u00dfigkeit der aufgrund der Einwilligung bis zum Widerruf erfolgten Verarbeitung nicht ber\u00fchrt.<br>Recht auf Beschwerde bei einer Aufsichtsbeh\u00f6rde: Unbeschadet eines anderweitigen verwaltungsrechtlichen oder gerichtlichen Rechtsbehelfs steht Ihnen das Recht auf Beschwerde bei einer Aufsichtsbeh\u00f6rde, insbesondere in dem Mitgliedstaat ihres Aufenthaltsorts, ihres Arbeitsplatzes oder des Orts des mutma\u00dflichen Versto\u00dfes, zu, wenn Sie der Ansicht sind, dass die Verarbeitung der Sie betreffenden personenbezogenen Daten gegen die DSGVO verst\u00f6\u00dft. Die Aufsichtsbeh\u00f6rde, bei der die Beschwerde eingereicht wurde, unterrichtet den Beschwerdef\u00fchrer \u00fcber den Stand und die Ergebnisse der Beschwerde einschlie\u00dflich der M\u00f6glichkeit eines gerichtlichen Rechtsbehelfs nach Art. 78 DSGVO.<\/p>\n\n\n\n<p>Link zum EU-Datenschutz-Grundverordnung (DSGVO): www.datenschutz-grundverordnung.eu<\/p>\n\n\n\n<p>Stand: 19.05.2018<\/p>\n","protected":false},"excerpt":{"rendered":"<p>Name und Anschrift des Verantwortlichen und DatenschutzbeauftragtenDer Verantwortliche im Sinne der Datenschutz-Grundverordnung und anderer nationaler Datenschutzgesetze der Mitgliedsstaaten sowie sonstiger datenschutzrechtlicher Bestimmungen ist die: TMCmusicChristian M\u00fcllerWittekindstra\u00dfe 2512103 BerlinDeutschland Tel. +49&hellip;<a href=\"https:\/\/tmcmusic.de\/?page_id=26\" class=\"more-link\"><span class=\"more-button\">Continue reading<span class=\"screen-reader-text\">Datenschutzerkl\u00e4rung<\/span><\/span><\/a><\/p>\n","protected":false},"author":1,"featured_media":0,"parent":0,"menu_order":0,"comment_status":"closed","ping_status":"closed","template":"","meta":{"_price":"","_stock":"","_tribe_ticket_header":"","_tribe_default_ticket_provider":"","_tribe_ticket_capacity":"0","_ticket_start_date":"","_ticket_end_date":"","_tribe_ticket_show_description":"","_tribe_ticket_show_not_going":false,"_tribe_ticket_use_global_stock":"","_tribe_ticket_global_stock_level":"","_global_stock_mode":"","_global_stock_cap":"","_tribe_rsvp_for_event":"","_tribe_ticket_going_count":"","_tribe_ticket_not_going_count":"","_tribe_tickets_list":"[]","_tribe_ticket_has_attendee_info_fields":false,"footnotes":"","_tec_slr_enabled":"","_tec_slr_layout":""},"class_list":["post-26","page","type-page","status-publish","hentry"],"ticketed":false,"_links":{"self":[{"href":"https:\/\/tmcmusic.de\/index.php?rest_route=\/wp\/v2\/pages\/26","targetHints":{"allow":["GET"]}}],"collection":[{"href":"https:\/\/tmcmusic.de\/index.php?rest_route=\/wp\/v2\/pages"}],"about":[{"href":"https:\/\/tmcmusic.de\/index.php?rest_route=\/wp\/v2\/types\/page"}],"author":[{"embeddable":true,"href":"https:\/\/tmcmusic.de\/index.php?rest_route=\/wp\/v2\/users\/1"}],"replies":[{"embeddable":true,"href":"https:\/\/tmcmusic.de\/index.php?rest_route=%2Fwp%2Fv2%2Fcomments&post=26"}],"version-history":[{"count":2,"href":"https:\/\/tmcmusic.de\/index.php?rest_route=\/wp\/v2\/pages\/26\/revisions"}],"predecessor-version":[{"id":177,"href":"https:\/\/tmcmusic.de\/index.php?rest_route=\/wp\/v2\/pages\/26\/revisions\/177"}],"wp:attachment":[{"href":"https:\/\/tmcmusic.de\/index.php?rest_route=%2Fwp%2Fv2%2Fmedia&parent=26"}],"curies":[{"name":"wp","href":"https:\/\/api.w.org\/{rel}","templated":true}]}}